{"id":333,"date":"2015-02-24T22:03:10","date_gmt":"2015-02-24T22:03:10","guid":{"rendered":"https:\/\/cirquealfonse.com\/presse-2\/"},"modified":"2015-03-10T02:53:50","modified_gmt":"2015-03-10T02:53:50","slug":"press","status":"publish","type":"page","link":"https:\/\/cirquealfonse.com\/en\/press\/","title":{"rendered":"Press"},"content":{"rendered":"<div class=\"aligncenter\">\n<div class=\"ribbon ac2\">\n<h2>Cirque Alfonse<\/h2>\n<\/div>\n<\/div>\n<p style=\"text-align: center;\">\n<p style=\"text-align: center;\"><strong>Europe, February 2013<\/strong><\/p>\n<p style=\"text-align: center;\"><a href=\"http:\/\/www.leparisien.fr\/espace-premium\/seine-saint-denis-93\/un-week-end-au-parfum-d- erable-07-02-2013-2546319.php\" target=\"_blank\">Un Week-end au parfum d\u2019\u00e9rable<\/a><br \/>\nJulie Chouteau, Le Parisien, jeudi 7 f\u00e9vrier 2013.<\/p>\n<p style=\"text-align: center;\"><a href=\"http:\/\/www.dansesaveclaplume.com\/en-scene\/un-nouveau-cirque-quebecois-a-suivre-le- cirque-alfonse\/\" target=\"_blank\">Un nouveau cirque qu\u00e9b\u00e9cois \u00e0 suivre: le Cirque Alfonse<\/a><br \/>\nAm\u00e9lie, Danses avec la plume &#8211; L\u2019Actualit\u00e9 de la danse, 11 f\u00e9vrier 2013.<\/p>\n<p style=\"text-align: center;\"><a href=\"http:\/\/www.ouest-france.fr\/2013\/02\/21\/brest\/-Tiiiiimber-Attention-ambiance-survoltee-et- sensations-fortes--64615453.html\" target=\"_blank\">Tiiiiimber! Attention, ambiance survolt\u00e9e et sensations fortes<\/a><br \/>\nBrest, Ouest-France, jeudi 21 f\u00e9vrier 2013.<\/p>\n<div class=\"aligncenter\">\n<div class=\"ribbon ac2\">\n<h2>Timber!<\/h2>\n<\/div>\n<\/div>\n<p style=\"text-align: center;\">\n<p style=\"text-align: center;\"><strong>\u00c0 la Tohu, 18 d\u00e9cembre 2012 au 6 janvier 2013.<\/strong><\/p>\n<p style=\"text-align: center;\">Retour aux sources<br \/>\nJos\u00e9e Lapointe, La Presse Montr\u00e9al, samedi 8 septembre 2012.<\/p>\n<p style=\"text-align: center;\"><a href=\"http:\/\/www.journaldemontreal.com\/2012\/12\/13\/une-histoire-de-famille\" target=\"_blank\">Une histoire de famille<\/a><br \/>\nVanessa Guimond, Le Journal de Montr\u00e9al, samedi 15d\u00e9cembre2012.<\/p>\n<p style=\"text-align: center;\"><a href=\"http:\/\/journalmetro.com\/culture\/208482\/la-vraie-nature-du-cirque\/\" target=\"_blank\">La vraie nature du cirque<\/a><br \/>\n-Jessica Emond-Ferrat, Journal M\u00e9tro, lundi 17 d\u00e9cembre 2012.<\/p>\n<p style=\"text-align: center;\"><a href=\"http:\/\/www.ledevoir.com\/culture\/cirque\/366553\/buches-de-no\u00ebl\" target=\"_blank\">B\u00fbches de No\u00ebl<\/a><br \/>\nIsabelle Par\u00e9, Le Devoir, lundi 17 d\u00e9cembre 2012.<\/p>\n<p style=\"text-align: center;\"><a href=\"http:\/\/tvanouvelles.ca\/lcn\/artsetspectacles\/general\/archives\/2012\/12\/20121218-232859.html\" target=\"_blank\">Une soir\u00e9e avec les b\u00fbcherons<\/a><br \/>\nVanessa Guimond, Le Journal de Montr\u00e9al, mercredi 19 d\u00e9cembre 2012.<\/p>\n<p style=\"text-align: center;\"><a href=\"http:\/\/www.montrealgazette.com\/life\/Cirque+Alfonse+performers+have+amazing+chops\/7722116\/story.html\" target=\"_blank\">Cirque Alfonse performers have amazing chops<\/a><br \/>\nPat Donnelly, The Gazette, thursday, december 20, 2012.<\/p>\n<p style=\"text-align: center;\"><a href=\"http:\/\/www.lapresse.ca\/arts\/spectacles-et-theatre\/cirque\/201212\/19\/01-4605342-timber-a-la-tohu-party-de-famille.php\" target=\"_blank\">Party de famille<\/a><br \/>\nJos\u00e9e Lapointe\/Critique, La Presse Montr\u00e9al, jeudi, 20 d\u00e9cembre 2013.<\/p>\n<p style=\"text-align: center;\"><a href=\"http:\/\/www.ledevoir.com\/culture\/cirque\/366800\/domino-les-hommes-ont-chaud\" target=\"_blank\">Domino les hommes ont chaud !<\/a><br \/>\nIsabelle Par\u00e9, Le Devoir, jeudi, 20 d\u00e9cembre 2012.<\/p>\n<p style=\"text-align: center;\"><a href=\"http:\/\/www.revuejeu.org\/critiques\/francoise-boudreault\/timber-cirque-des-bois\" target=\"_blank\">Timber! cirque des bois<\/a><br \/>\nFran\u00e7oise Boudreault, La Revue Jeu, samedi, 22 d\u00e9cembre 2012.<\/p>\n<p style=\"text-align: center;\"><a href=\"http:\/\/artichautmag.com\/2012\/12\/la-tradition-prend-dassaut-la-metropole\/\" target=\"_blank\">La tradition prend d\u2018assaut la M\u00e9tropole<\/a><br \/>\nThomas Dupont-Buist, Artichaut magazine, mercredi, 19 d\u00e9cembre 2012.<\/p>\n<p style=\"text-align: center;\"><a href=\"http:\/\/quebec.huffingtonpost.ca\/2012\/12\/17\/timber-cirque-alfonse_n_2317136.html\" target=\"_blank\"> \u00abTimber\u00bb du Cirque Alfonse: les b\u00fbcherons se taillent une place dans l\u2019univers du cirque (vid\u00e9os)<\/a><br \/>\nSamuel Larochelle, Le Huffington Post-Qu\u00e9bec, lundi, 17 d\u00e9cembre 2012.<\/p>\n<p style=\"text-align: center;\"><a href=\"http:\/\/www.laction.com\/Culture\/Arts-et-spectacles\/2012-11-27\/article-3128732\/Le-Cirque-Alfonse-traverse-locean\/1\" target=\"_blank\">Le Cirque Alfonse traverse l\u2019oc\u00e9an<\/a><br \/>\nElise Brouillette, L\u2019Action, mardi, 27 novembre 2012.<\/p>\n<p style=\"text-align: center;\"><a href=\"http:\/\/patwhite.com\/node\/15386\" target=\"_blank\">Cirque Alfonse: puiser l\u2019inspiration dans la tradition<\/a><br \/>\nMarieve_V, PatWhite.com, dimanche, 30 d\u00e9cembre 2012.<\/p>\n<p style=\"text-align: center;\"><a href=\"http:\/\/www.montheatre.qc.ca\/espace\/2012\/12\/21\/timber\" target=\"_blank\">Timber!<\/a><br \/>\nDaphn\u00e9 Bathalon, L\u2019Espace Mon Th\u00e9\u00e2tre, vendredi, 21 d\u00e9cembre 2012.<\/p>\n<p style=\"text-align: center;\"><a href=\"http:\/\/www.pieuvre.ca\/2012\/12\/19\/culturel-cirque-timber\/\" target=\"_blank\">Timber, le retour des acrobaties \u00e0 la qu\u00e9b\u00e9coise<\/a><br \/>\nAntoine Valli\u00e8res, pieuvre.ca, mercredi, 19 d\u00e9cembre 2012.<\/p>\n<p style=\"text-align: center;\"><a href=\"http:\/\/info-culture.biz\/2012\/12\/19\/timber-la-cabane-a-sucre-se-fait-circassienne\/\" target=\"_blank\">Timber: la cabane \u00e0 sucre se fait circassienne!<\/a><br \/>\ninfo-culture.biz, mercredi, 19 d\u00e9cembre 2012.<\/p>\n<p style=\"text-align: center;\"><strong>Revue de presse 2012 en Tourn\u00e9e au Qu\u00e9bec et Nunavut<\/strong><\/p>\n<p style=\"text-align: center;\"><a href=\"http:\/\/www.lapresse.ca\/le-droit\/arts-et-spectacles\/201206\/13\/01-4534400-alfonse-le-cirque-tousrisques.php?utm_categorieinterne=trafficdrivers&amp;utm_contenuinterne=cyberpresse_B50d__1755527_section_POS1\" target=\"_blank\">Alfonse, le cirque tous risques<\/a><br \/>\nMaud Cucchi, Le Droit, 13 juin 2012.<\/p>\n<p style=\"text-align: center;\"><a href=\"http:\/\/www.journalpremiereedition.com\/Culture\/Arts-et-spectacles\/2012-10-26\/article-3108319\/Du-cirque-a-la-salle-Albert-Dumouchel\/1\" target=\"_blank\">Du cirque \u00e0 la salle Albert Dumouchel<\/a><br \/>\nSimon Richard, Premi\u00e8re Edition, 26 octobre 2012.<\/p>\n<p style=\"text-align: center;\"><a href=\"http:\/\/www.laction.com\/Culture\/Arts%20et%20spectacles\/2012-11-01\/article-3112159\/Le-Cirque-Alfonse-de-retour-a-la-salle-RollandBrunelle\/1\" target=\"_blank\">Le cirque Alfonse de retour \u00e0 la salle Rolland-Brunelle<\/a><br \/>\nL\u2019Action, 1er novembre 2012.<\/p>\n<p style=\"text-align: center;\"><a href=\"http:\/\/www.hebdosregionaux.ca\/abitibi-temiscamingue\/2012\/11\/06\/cirque-alfonsejonathan-casaubon-revient-chez-lui\" target=\"_blank\">Cirque Alfonse: Jonathan Casaubon revient chez lui<\/a><br \/>\nYvon Audet, La Fronti\u00e8re-Le Citoyen Abitibi Ouest-Rouyn-Noranda, 6 novembre 2012.<\/p>\n<p style=\"text-align: center;\"><a href=\"http:\/\/www.editionbeauce.com\/Culture\/Arts-et-spectacles\/2012-11-11\/article-3118198\/Le-Cirque-Alfonse-avait-tout-de-surprenant\/1\" target=\"_blank\">Le cirque Alfonse avait tout de surprenant<\/a><br \/>\nHubert Lapointe, Edition Beauce.com, 11 novembre 2012.<\/p>\n<p style=\"text-align: center;\"><a href=\"http:\/\/www.enbeauce.com\/actualites\/culturel\/28998\/le-cirque-alfonse-fait-feu-de-tout-bois-a-la-mechatigan\" target=\"_blank\">Le cirque Alfonse fait feu de tout bois \u00e0 la M\u00e9chatigan<\/a><br \/>\nEn Beauce .com, 11 novembre 2012<\/p>\n<p style=\"text-align: center;\"><a href=\"http:\/\/www.abitibiouestrouynnoranda.ca\/Culture\/Arts-et-spectacles\/2012-11-10\/article-3117520\/Jongleries-a-la-hache-et-godendart-acrobatique\/1\" target=\"_blank\"> Jongleries \u00e0 la hache et godendart acrobatique<\/a><br \/>\nPatrick Rodrigue, Abitibi Express.ca, 10 novembre 2012.<\/p>\n<p style=\"text-align: center;\"><a href=\"http:\/\/www.hebdorivenord.com\/Culture\/Arts-et-spectacles\/2012-11-20\/article-3124276\/Le-Theatre-Hector-Charland-devient-completement-cirque\/\" target=\"_blank\"> Le th\u00e9\u00e2tre Hector-Charland devient compl\u00e8tement cirque<\/a><br \/>\nVal\u00e9rie Houle, Hebdo Rive Nord.com, 26 novembre 2012.<\/p>\n<p style=\"text-align: center;\"><a href=\"http:\/\/fr.canoe.ca\/divertissement\/arts-scene\/nouvelles\/2012\/11\/22\/20376891-qmi.html\" target=\"_blank\">Les b\u00fbcherons de Timber! de retour en d\u00e9cembre<\/a><br \/>\nLa Tohu, canoe.ca, 22 novembre 2012.<\/p>\n<p style=\"text-align: center;\"><a href=\"http:\/\/www.laction.com\/Culture\/Arts-et-spectacles\/2012-11-27\/article-3128732\/Le-Cirque-Alfonse-traverse-locean\/\" target=\"_blank\">Le cirque Alfonse s\u2019appr\u00eate \u00e0 pr\u00e9senter le spectacle \u00abTimber!\u00bb en Europe<\/a><br \/>\nElise Brouillette, L\u2019Action, 27 novembre 2012.<\/p>\n<p style=\"text-align: center;\"><a href=\"http:\/\/www.nunatsiaqonline.ca\/stories\/article\/65674\/timber_wins_standing_ovation_for_iqaluit_show\/\" target=\"_blank\">Timber wins standing ovation for Iqaluit show<\/a><br \/>\nSamanthat Dawson News, Nunavut July 01, 2012<\/p>\n<p style=\"text-align: center;\"><strong>Revue de presse 2011<\/strong><\/p>\n<p style=\"text-align: center;\"><a href=\"http:\/\/www.lactualite.com\/opinions\/le-blogue-culture\/cirque\/le-cirque-alfonse-une-affaire-de-famille\/20022\" target=\"_blank\">Cr\u00e9ation de Timber! \u00e0 Montr\u00e9al Compl\u00e8tement Cirque &#8211; En Famille &#8211;<\/a><br \/>\nAndr\u00e9 Ducharme &#8211; L\u2019actualit\u00e9, juillet 2011.<\/p>\n<p style=\"text-align: center;\"><a href=\"http:\/\/www.laction.com\" target=\"_blank\">Le Cirque Alfonse de retour avec une nouvelle cr\u00e9ation<\/a><br \/>\nElise Brouillette, L&#8217;Action, le 26 juin 2011.<\/p>\n<p style=\"text-align: center;\"><a href=\"http:\/\/fr.canoe.ca\/divertissement\/arts-scene\/nouvelles\/2011\/07\/07\/18387986-jdm.html\" target=\"_blank\">Camp de b\u00fbcherons contemporain<\/a><br \/>\nVanessa Guimond &#8211; Le Journal de Montr\u00e9al, samedi, 9 juillet 2011.<\/p>\n<p style=\"text-align: center;\"><a href=\"http:\/\/www.lapresse.ca\/arts\/festivals\/montreal-completement-cirque\/nouvelles-et-entrevues\/201107\/09\/01-4416466-le-cirque-alfonse-et-timber-attachez-vos-tuques.php\" target=\"_blank\"> Le Cirque Alfonse et Timber : attachez vos tuques!<\/a><br \/>\nJean Siag &#8211; La Presse, 9 juillet 2011.<\/p>\n<p style=\"text-align: center;\"><a href=\"http:\/\/voir.ca\/scene\/2011\/07\/14\/cirque-alfonse-toucher-du-bois\" target=\"_blank\">Toucher du bois<\/a><br \/>\nM\u00e9lissa Proulx &#8211; Voir, 14 juillet 2011.<\/p>\n<p style=\"text-align: center;\"><a href=\"http:\/\/www.ledevoir.com\/culture\/cirque\/327455\/cirque-alfonse-au-festival-montreal-completement-cirque-rigodon-pour-cirque-en-bois-brut-taille-a-la-hache\" target=\"_blank\">Rigodon pour cirque en bois brut, taill\u00e9 \u00e0 la hache<\/a><br \/>\nIsabelle Par\u00e9 -Le Devoir, le vendredi 15 juillet 2011.<\/p>\n<p style=\"text-align: center;\"><a href=\"http:\/\/www.pieuvre.ca\/2011\/07\/16\/cabane-a-cirque\/\" target=\"_blank\">Cabane \u00e0 Cirque<\/a><br \/>\nCassandre Chatonnier &#8211; 2011\/07\/16<\/p>\n<p style=\"text-align: center;\"><a href=\"http:\/\/www.cyberpresse.ca\/arts\/festivals\/montreal-completement-cirque\/critiques\/201107\/16\/01-4418494-timber-mechants-malades.php\" target=\"_blank\">M\u00e9chants malades!<\/a><br \/>\nJean Siag &#8211; La Presse, samedi le 16 Juillet 2011<\/p>\n<p style=\"text-align: center;\">Timber : le patrimoine rendu contemporain<br \/>\nLe journal de Montr\u00e9al, dimanche 17 juillet 2011<\/p>\n<p style=\"text-align: center;\"><a href=\"www.polyscope.qc.ca\/spip.php?article1769\" target=\"_blank\">Timber !<\/a><br \/>\nLe Polyscope par Alexandre Galliez le 17 juillet 2011<\/p>\n<p style=\"text-align: center;\"><a href=\"http:\/\/www.dfdanse.com\/article1318.html\" target=\"_blank\">Timbr\u00e9s? &#8211; Timber! du Cirque Alfonse<\/a><br \/>\nle 17 juillet 2011<\/p>\n<p style=\"text-align: center;\"><a href=\"http:\/\/www.ledevoir.com\/culture\/cirque\/327594\/cirque-alfonse-swingue-la-bacaisse-dans-l-fond-du-bois\" target=\"_blank\">Cirque Alfonse &#8211; Swingue la bacaisse dans l\u2019fond du bois<\/a><br \/>\nLe Devoir, le lundi 18 juillet 2011.<\/p>\n<p style=\"text-align: center;\"><a href=\"http:\/\/www.hebdosregionaux.ca\/lanaudiere\/2011\/08\/03\/un-cirque-dici-loin-detre-traditionnel\" target=\"_blank\">Un cirque d\u2019ici fait fureur \u00e0 Montr\u00e9al<\/a><br \/>\nJulie Beauchamp Martin &#8211; Le journal de Joliette, le jeudi 4 ao\u00fbt 2011.<\/p>\n<p style=\"text-align: center;\"><a href=\"http:\/\/www.laction.com\" target=\"_blank\">Timber! \u00e0 Joliette pour 3 soirs seulement<\/a><br \/>\nElise Brouillette &#8211; L\u2019Action, le 21 ao\u00fbt 2011.<\/p>\n<p style=\"text-align: center;\"><a href=\"http:\/\/www.laction.com\" target=\"_blank\">Timber!: L\u2019art du cirque renouvel\u00e9<\/a><br \/>\npar Elise Brouillette, L\u2019Action le 31 ao\u00fbt 2011<\/p>\n<p style=\"text-align: center;\"><a href=\"www.lapresse.ca\/...et...\/cirque\/...\/01-4480658-le-top-5-du-cirque.php\" target=\"_blank\">Le top 5 du cirque ( R\u00e9v\u00e9lation de l\u2019ann\u00e9e)<\/a><br \/>\nJean Siag &#8211; La Presse, samedi 24 d\u00e9c.2011.<\/p>\n<p style=\"text-align: center;\"><a href=\"http:\/\/www.lapresse.ca\/arts\/spectacles-et-theatre\/cirque\/201112\/29\/01-4481614-cirque-alfonse-le-cirque-trad.php\" target=\"_blank\">Cirque Alfonse: Le cirque trad!<\/a><br \/>\nJean Siag- La presse, le 29 d\u00e9cembre 2011.<\/p>\n","protected":false},"excerpt":{"rendered":"<p>Cirque Alfonse Europe, February 2013 Un Week-end au parfum d\u2019\u00e9rable Julie Chouteau, Le Parisien, jeudi 7 f\u00e9vrier 2013. Un nouveau cirque qu\u00e9b\u00e9cois \u00e0 suivre: le Cirque Alfonse Am\u00e9lie, Danses avec <a href=\"https:\/\/cirquealfonse.com\/en\/press\/\" class=\"more-link\">[&hellip;]<\/a><\/p>\n","protected":false},"author":1,"featured_media":2443,"parent":0,"menu_order":0,"comment_status":"open","ping_status":"open","template":"","meta":{"_monsterinsights_skip_tracking":false,"_monsterinsights_sitenote_active":false,"_monsterinsights_sitenote_note":"","_monsterinsights_sitenote_category":0,"footnotes":""},"yoast_head":"<!-- This site is optimized with the Yoast SEO plugin v21.5 - https:\/\/yoast.com\/wordpress\/plugins\/seo\/ -->\n<title>Press | Cirque Alfonse<\/title>\n<meta name=\"robots\" content=\"index, follow, max-snippet:-1, max-image-preview:large, max-video-preview:-1\" \/>\n<link rel=\"canonical\" href=\"https:\/\/cirquealfonse.com\/en\/press\/\" \/>\n<meta property=\"og:locale\" content=\"en_US\" \/>\n<meta property=\"og:type\" content=\"article\" \/>\n<meta property=\"og:title\" content=\"Press | Cirque Alfonse\" \/>\n<meta property=\"og:description\" content=\"Cirque Alfonse Europe, February 2013 Un Week-end au parfum d\u2019\u00e9rable Julie Chouteau, Le Parisien, jeudi 7 f\u00e9vrier 2013. Un nouveau cirque qu\u00e9b\u00e9cois \u00e0 suivre: le Cirque Alfonse Am\u00e9lie, Danses avec [&hellip;]\" \/>\n<meta property=\"og:url\" content=\"https:\/\/cirquealfonse.com\/en\/press\/\" \/>\n<meta property=\"og:site_name\" content=\"Cirque Alfonse\" \/>\n<meta property=\"article:publisher\" content=\"https:\/\/www.facebook.com\/cirque.alfonse\" \/>\n<meta property=\"article:modified_time\" content=\"2015-03-10T02:53:50+00:00\" \/>\n<meta property=\"og:image\" content=\"https:\/\/cirquealfonse.com\/wp-content\/uploads\/2015\/02\/barbu-04.jpg\" \/>\n\t<meta property=\"og:image:width\" content=\"1024\" \/>\n\t<meta property=\"og:image:height\" content=\"678\" \/>\n\t<meta property=\"og:image:type\" content=\"image\/jpeg\" \/>\n<meta name=\"twitter:card\" content=\"summary_large_image\" \/>\n<meta name=\"twitter:site\" content=\"@cirquealfonse\" \/>\n<meta name=\"twitter:label1\" content=\"Est. reading time\" \/>\n\t<meta name=\"twitter:data1\" content=\"3 minutes\" \/>\n<script type=\"application\/ld+json\" class=\"yoast-schema-graph\">{\"@context\":\"https:\/\/schema.org\",\"@graph\":[{\"@type\":\"WebPage\",\"@id\":\"https:\/\/cirquealfonse.com\/en\/press\/\",\"url\":\"https:\/\/cirquealfonse.com\/en\/press\/\",\"name\":\"Press | Cirque Alfonse\",\"isPartOf\":{\"@id\":\"https:\/\/cirquealfonse.com\/en\/#website\"},\"datePublished\":\"2015-02-24T22:03:10+00:00\",\"dateModified\":\"2015-03-10T02:53:50+00:00\",\"breadcrumb\":{\"@id\":\"https:\/\/cirquealfonse.com\/en\/press\/#breadcrumb\"},\"inLanguage\":\"en-CA\",\"potentialAction\":[{\"@type\":\"ReadAction\",\"target\":[\"https:\/\/cirquealfonse.com\/en\/press\/\"]}]},{\"@type\":\"BreadcrumbList\",\"@id\":\"https:\/\/cirquealfonse.com\/en\/press\/#breadcrumb\",\"itemListElement\":[{\"@type\":\"ListItem\",\"position\":1,\"name\":\"Accueil\",\"item\":\"https:\/\/cirquealfonse.com\/en\/\"},{\"@type\":\"ListItem\",\"position\":2,\"name\":\"Press\"}]},{\"@type\":\"WebSite\",\"@id\":\"https:\/\/cirquealfonse.com\/en\/#website\",\"url\":\"https:\/\/cirquealfonse.com\/en\/\",\"name\":\"Cirque Alfonse\",\"description\":\"Just another WordPress site\",\"potentialAction\":[{\"@type\":\"SearchAction\",\"target\":{\"@type\":\"EntryPoint\",\"urlTemplate\":\"https:\/\/cirquealfonse.com\/en\/?s={search_term_string}\"},\"query-input\":\"required name=search_term_string\"}],\"inLanguage\":\"en-CA\"}]}<\/script>\n<!-- \/ Yoast SEO plugin. -->","yoast_head_json":{"title":"Press | Cirque Alfonse","robots":{"index":"index","follow":"follow","max-snippet":"max-snippet:-1","max-image-preview":"max-image-preview:large","max-video-preview":"max-video-preview:-1"},"canonical":"https:\/\/cirquealfonse.com\/en\/press\/","og_locale":"en_US","og_type":"article","og_title":"Press | Cirque Alfonse","og_description":"Cirque Alfonse Europe, February 2013 Un Week-end au parfum d\u2019\u00e9rable Julie Chouteau, Le Parisien, jeudi 7 f\u00e9vrier 2013. Un nouveau cirque qu\u00e9b\u00e9cois \u00e0 suivre: le Cirque Alfonse Am\u00e9lie, Danses avec [&hellip;]","og_url":"https:\/\/cirquealfonse.com\/en\/press\/","og_site_name":"Cirque Alfonse","article_publisher":"https:\/\/www.facebook.com\/cirque.alfonse","article_modified_time":"2015-03-10T02:53:50+00:00","og_image":[{"width":1024,"height":678,"url":"https:\/\/cirquealfonse.com\/wp-content\/uploads\/2015\/02\/barbu-04.jpg","type":"image\/jpeg"}],"twitter_card":"summary_large_image","twitter_site":"@cirquealfonse","twitter_misc":{"Est. reading time":"3 minutes"},"schema":{"@context":"https:\/\/schema.org","@graph":[{"@type":"WebPage","@id":"https:\/\/cirquealfonse.com\/en\/press\/","url":"https:\/\/cirquealfonse.com\/en\/press\/","name":"Press | Cirque Alfonse","isPartOf":{"@id":"https:\/\/cirquealfonse.com\/en\/#website"},"datePublished":"2015-02-24T22:03:10+00:00","dateModified":"2015-03-10T02:53:50+00:00","breadcrumb":{"@id":"https:\/\/cirquealfonse.com\/en\/press\/#breadcrumb"},"inLanguage":"en-CA","potentialAction":[{"@type":"ReadAction","target":["https:\/\/cirquealfonse.com\/en\/press\/"]}]},{"@type":"BreadcrumbList","@id":"https:\/\/cirquealfonse.com\/en\/press\/#breadcrumb","itemListElement":[{"@type":"ListItem","position":1,"name":"Accueil","item":"https:\/\/cirquealfonse.com\/en\/"},{"@type":"ListItem","position":2,"name":"Press"}]},{"@type":"WebSite","@id":"https:\/\/cirquealfonse.com\/en\/#website","url":"https:\/\/cirquealfonse.com\/en\/","name":"Cirque Alfonse","description":"Just another WordPress site","potentialAction":[{"@type":"SearchAction","target":{"@type":"EntryPoint","urlTemplate":"https:\/\/cirquealfonse.com\/en\/?s={search_term_string}"},"query-input":"required name=search_term_string"}],"inLanguage":"en-CA"}]}},"_links":{"self":[{"href":"https:\/\/cirquealfonse.com\/en\/wp-json\/wp\/v2\/pages\/333"}],"collection":[{"href":"https:\/\/cirquealfonse.com\/en\/wp-json\/wp\/v2\/pages"}],"about":[{"href":"https:\/\/cirquealfonse.com\/en\/wp-json\/wp\/v2\/types\/page"}],"author":[{"embeddable":true,"href":"https:\/\/cirquealfonse.com\/en\/wp-json\/wp\/v2\/users\/1"}],"replies":[{"embeddable":true,"href":"https:\/\/cirquealfonse.com\/en\/wp-json\/wp\/v2\/comments?post=333"}],"version-history":[{"count":1,"href":"https:\/\/cirquealfonse.com\/en\/wp-json\/wp\/v2\/pages\/333\/revisions"}],"predecessor-version":[{"id":353,"href":"https:\/\/cirquealfonse.com\/en\/wp-json\/wp\/v2\/pages\/333\/revisions\/353"}],"wp:featuredmedia":[{"embeddable":true,"href":"https:\/\/cirquealfonse.com\/en\/wp-json\/wp\/v2\/media\/2443"}],"wp:attachment":[{"href":"https:\/\/cirquealfonse.com\/en\/wp-json\/wp\/v2\/media?parent=333"}],"curies":[{"name":"wp","href":"https:\/\/api.w.org\/{rel}","templated":true}]}}